{"id":30,"date":"2018-05-04T13:39:56","date_gmt":"2018-05-04T11:39:56","guid":{"rendered":"http:\/\/winterlut.com\/?page_id=30"},"modified":"2018-05-04T13:39:56","modified_gmt":"2018-05-04T11:39:56","slug":"tarifs","status":"publish","type":"page","link":"https:\/\/winterlut.com\/index.php\/tarifs\/","title":{"rendered":"Tarifs"},"content":{"rendered":"\n<h2 class=\"wp-block-heading\">&nbsp;<\/h2>\n\n\n\n<h2 class=\"wp-block-heading\">Bals<\/h2>\n\n\n\n<p>Les entr\u00e9es aux soir\u00e9es du festival Winterl\u00fct sont \u00e0 <a href=\"https:\/\/winterlut.com\/prix-libre\/\">prix libre<\/a> (c&rsquo;est pas tout \u00e0 fait comme gratuit&#8230;)<\/p>\n\n\n\n<h2 class=\"wp-block-heading\">Stages<\/h2>\n\n\n\n<p><strong>\u2022 de danse :<\/strong> 20\u20ac \/ r\u00e9duit -20%<br><strong>\u2022 de musique :<\/strong>20\u20ac \/ r\u00e9duit -20%<\/p>\n\n\n\n<p>Pour retrouver la liste des stages, rendez-vous <a href=\"https:\/\/winterlut.com\/festival\/stage\/\">ICI<\/a> !<br>Pour acheter vos places, rendez-vous&nbsp;<a href=\"https:\/\/winterlut.com\/?page_id=117\">L\u00c0<\/a>&nbsp;!<\/p>\n\n\n\n<p>Nous proposons un tarif solidaire (-20%) pour toutes les personnes qui estiment en avoir besoin.<br>Dans le m\u00eame esprit que&nbsp;<a href=\"https:\/\/winterlut.com\/?page_id=121\">le prix libre<\/a> nous vous laissons d\u00e9cider si vous souhaitez en b\u00e9n\u00e9ficier ou pas.<br>Vous n\u2019aurez \u00e0 aucun moment \u00e0 vous justifier de votre choix. Pour b\u00e9n\u00e9ficier du tarif r\u00e9duit,<br>il vous suffit d\u2019utiliser le code promo REDUIT \u00e0 la fin du formulaire d\u2019inscription.<\/p>\n\n\n\n<figure class=\"wp-block-image\"><img decoding=\"async\" src=\"https:\/\/winterlut.com\/wp-content\/uploads\/2018\/05\/Logo-St\u00fcck1-268x300.jpg\" alt=\"\" class=\"wp-image-355\"\/><\/figure>\n\n\n\n<p>Tout au long du festival, vous pourrez r\u00e9gler vos achats en <a href=\"http:\/\/www.lestuck.eu\">St\u00fcck<\/a>.<br>On prend les euros aussi bien s\u00fbr !<\/p>\n\n\n\n<p>Le St\u00fcck, c\u2019est une monnaie compl\u00e9mentaire de l\u2019euro&nbsp;(mais qui n\u2019a pas vocation \u00e0 le remplacer),<br>locale (elle n\u2019est valable que dans le Bas-Rhin) et&nbsp;100% citoyenne&nbsp;!<br>Elle peut-\u00eatre d\u00e9pens\u00e9e aupr\u00e8s d\u2019entreprises et commerces locaux<br>qui s\u2019engagent vers des pratiques plus respectueuses de l\u2019homme et de l\u2019environnement.<\/p>\n\n\n<div class=\"wp-block-image\">\n<figure class=\"alignleft\"><img decoding=\"async\" src=\"https:\/\/winterlut.com\/wp-content\/uploads\/2018\/05\/stuck-strasbourg.jpg\" alt=\"\" class=\"wp-image-356\"\/><\/figure>\n<\/div>","protected":false},"excerpt":{"rendered":"<p>&nbsp; Bals Les entr\u00e9es aux soir\u00e9es du festival Winterl\u00fct sont \u00e0 prix libre (c&rsquo;est pas tout \u00e0 fait comme gratuit&#8230;) Stages \u2022 de danse : 20\u20ac \/ r\u00e9duit -20%\u2022 de musique :20\u20ac \/ r\u00e9duit -20% Pour retrouver la liste des stages, rendez-vous ICI !Pour acheter vos places, rendez-vous&nbsp;L\u00c0&nbsp;! Nous proposons un tarif solidaire (-20%) pour &#8230; <a title=\"Tarifs\" class=\"read-more\" href=\"https:\/\/winterlut.com\/index.php\/tarifs\/\" aria-label=\"En savoir plus sur Tarifs\">Lire la suite<\/a><\/p>\n","protected":false},"author":1,"featured_media":0,"parent":0,"menu_order":0,"comment_status":"closed","ping_status":"closed","template":"","meta":{"footnotes":""},"class_list":["post-30","page","type-page","status-publish"],"_links":{"self":[{"href":"https:\/\/winterlut.com\/index.php\/wp-json\/wp\/v2\/pages\/30","targetHints":{"allow":["GET"]}}],"collection":[{"href":"https:\/\/winterlut.com\/index.php\/wp-json\/wp\/v2\/pages"}],"about":[{"href":"https:\/\/winterlut.com\/index.php\/wp-json\/wp\/v2\/types\/page"}],"author":[{"embeddable":true,"href":"https:\/\/winterlut.com\/index.php\/wp-json\/wp\/v2\/users\/1"}],"replies":[{"embeddable":true,"href":"https:\/\/winterlut.com\/index.php\/wp-json\/wp\/v2\/comments?post=30"}],"version-history":[{"count":0,"href":"https:\/\/winterlut.com\/index.php\/wp-json\/wp\/v2\/pages\/30\/revisions"}],"wp:attachment":[{"href":"https:\/\/winterlut.com\/index.php\/wp-json\/wp\/v2\/media?parent=30"}],"curies":[{"name":"wp","href":"https:\/\/api.w.org\/{rel}","templated":true}]}}